{"id":7740,"date":"2024-04-24T09:33:45","date_gmt":"2024-04-24T07:33:45","guid":{"rendered":"https:\/\/vinsmiquelgelabert.com\/producto\/torrent-negre-seleccio-privada-cabernet-2015-2\/"},"modified":"2024-07-15T09:24:22","modified_gmt":"2024-07-15T07:24:22","slug":"torrent-negre-seleccio-privada-cabernet-2015-2","status":"publish","type":"product","link":"https:\/\/vinsmiquelgelabert.com\/ca\/producte\/torrent-negre-seleccio-privada-cabernet-2015-2\/","title":{"rendered":"Torrent Negre \u2013Selecci\u00f3 Privada Cabernet 2015"},"content":{"rendered":"<div class=\"descripcio_vins\" style=\"text-align: justify;\">\n<p><i class=\"fa fa-angle-double-right\"><\/i>   <strong>Varietats de ra\u00efm: <\/strong>Cabernet Sauvignon 100%<i class=\"fa fa-angle-double-right\"><\/i> <strong>Sistema de cultiu: <\/strong>espatllera<\/p>\n<p><i class=\"fa fa-angle-double-right\"><\/i>   <strong>Ubicaci\u00f3 de la vinya:<\/strong> terme de Manacor i Felanitx<\/p>\n<p><i class=\"fa fa-angle-double-right\"><\/i>   <strong>Denominaci\u00f3 d&#8217;Origen:<\/strong> D.O. Pla i Llevant \u2013 Mallorca<\/p>\n<p><i class=\"fa fa-angle-double-right\"><\/i>   <strong>TIpus de vi:<\/strong> tinto crian\u00e7a<\/p>\n<p><i class=\"fa fa-angle-double-right\"><\/i>   <strong>Grau alcoh\u00f2lic:<\/strong> 14.5 % vol.<\/p>\n<p><i class=\"fa fa-angle-double-right\"><\/i>   <strong>Fermentaci\u00f3:<\/strong> alcoh\u00f2lica en dip\u00f2sit d&#8217;acer inoxidable a temperatura controlada. Malol\u00e0ctica en barrica.<\/p>\n<p><i class=\"fa fa-angle-double-right\"><\/i>   <strong>Crian\u00e7a:<\/strong> 12 mesos en barrica nova de roure franc\u00e8s. Posterior crian\u00e7a en ampolla.<\/p>\n<p><i class=\"fa fa-angle-double-right\"><\/i>   <strong>Nota de tast: <\/strong>vi de color vermell picota intensa amb tonalitats plenes de blaus amb ll\u00e0grima densa i de caiguda lenta, net i brillant de capa alta.<\/p>\n<p>En nas, intensitat i complexitat alta, aromes d&#8217;eucaliptus, regal\u00e8ssia, fruita negra molt madura, l\u00e0ctic, floral, amb records animals (ca\u00e7a, cuir, pell).<\/p>\n<p>Entrada en boca potent i untuosa, bon equilibri entre alcohol, acidesa, sucre i tanins que parteix d&#8217;ells han estat aportats per la fusta nova i que es poliran amb el temps, pas per boca carnosa i molt llarg, al final tornen les aromes de la fase olfact\u00f2ria, molt persistent al final.<\/p>\n<p><i class=\"fa fa-angle-double-right\"><\/i>   <strong>Recomanacions:<\/strong>marida b\u00e9 amb plats de ca\u00e7a i guisats amb molt de cos.<\/p>\n<p><i class=\"fa fa-angle-double-right\"><\/i>   <strong>Temperatura de servei: <\/strong>servir entre 18\u00ba- 20\u00baC.<\/p>\n<p>&nbsp;<\/p>\n<\/div>\n","protected":false},"excerpt":{"rendered":"<p class=\"descripcio_vins\" style=\"text-align: justify;\">Vi monovarietal de Cabernet Sauvignon que nom\u00e9s s&#8217;elabora en els anys en qu\u00e8 hi ha algun ra\u00efm excepcional. S\u00f3n vins de molt poca tirada (de 300 a 1.500 ampolles) i se&#8217;ls pot dir \u201cels capritxos del cellerer\u201d.<\/p>\n","protected":false},"featured_media":7525,"comment_status":"open","ping_status":"closed","template":"","meta":[],"product_brand":[],"product_cat":[97],"product_tag":[],"class_list":{"0":"post-7740","1":"product","2":"type-product","3":"status-publish","4":"has-post-thumbnail","6":"product_cat-vi-negre","8":"first","9":"instock","10":"taxable","11":"shipping-taxable","12":"purchasable","13":"product-type-simple"},"yoast_head":"<!-- This site is optimized with the Yoast SEO plugin v27.4 - https:\/\/yoast.com\/product\/yoast-seo-wordpress\/ -->\n<title>Torrent Negre \u2013Selecci\u00f3 Privada Cabernet 2015 - Vins Miquel Gelabert<\/title>\n<meta name=\"robots\" content=\"index, follow, max-snippet:-1, max-image-preview:large, max-video-preview:-1\" \/>\n<link rel=\"canonical\" href=\"https:\/\/vinsmiquelgelabert.com\/ca\/producte\/torrent-negre-seleccio-privada-cabernet-2015-2\/\" \/>\n<meta property=\"og:locale\" content=\"ca_ES\" \/>\n<meta property=\"og:type\" content=\"article\" \/>\n<meta property=\"og:title\" content=\"Torrent Negre \u2013Selecci\u00f3 Privada Cabernet 2015 - Vins Miquel Gelabert\" \/>\n<meta property=\"og:description\" content=\"Vi monovarietal de Cabernet Sauvignon que nom\u00e9s s&#039;elabora en els anys en qu\u00e8 hi ha algun ra\u00efm excepcional. S\u00f3n vins de molt poca tirada (de 300 a 1.500 ampolles) i se&#039;ls pot dir \u201cels capritxos del cellerer\u201d.\" \/>\n<meta property=\"og:url\" content=\"https:\/\/vinsmiquelgelabert.com\/ca\/producte\/torrent-negre-seleccio-privada-cabernet-2015-2\/\" \/>\n<meta property=\"og:site_name\" content=\"Vins Miquel Gelabert\" \/>\n<meta property=\"article:modified_time\" content=\"2024-07-15T07:24:22+00:00\" \/>\n<meta property=\"og:image\" content=\"https:\/\/vins-miquel-gelabert.fra1.digitaloceanspaces.com\/wp-content\/uploads\/2024\/04\/Torrent-Negre-Seleccio-Privada.png\" \/>\n\t<meta property=\"og:image:width\" content=\"230\" \/>\n\t<meta property=\"og:image:height\" content=\"600\" \/>\n\t<meta property=\"og:image:type\" content=\"image\/png\" \/>\n<meta name=\"twitter:card\" content=\"summary_large_image\" \/>\n<meta name=\"twitter:label1\" content=\"Temps estimat de lectura\" \/>\n\t<meta name=\"twitter:data1\" content=\"1 minut\" \/>\n<script type=\"application\/ld+json\" class=\"yoast-schema-graph\">{\"@context\":\"https:\\\/\\\/schema.org\",\"@graph\":[{\"@type\":\"WebPage\",\"@id\":\"https:\\\/\\\/vinsmiquelgelabert.com\\\/ca\\\/producte\\\/torrent-negre-seleccio-privada-cabernet-2015-2\\\/\",\"url\":\"https:\\\/\\\/vinsmiquelgelabert.com\\\/ca\\\/producte\\\/torrent-negre-seleccio-privada-cabernet-2015-2\\\/\",\"name\":\"Torrent Negre \u2013Selecci\u00f3 Privada Cabernet 2015 - Vins Miquel Gelabert\",\"isPartOf\":{\"@id\":\"https:\\\/\\\/vinsmiquelgelabert.com\\\/ca\\\/#website\"},\"primaryImageOfPage\":{\"@id\":\"https:\\\/\\\/vinsmiquelgelabert.com\\\/ca\\\/producte\\\/torrent-negre-seleccio-privada-cabernet-2015-2\\\/#primaryimage\"},\"image\":{\"@id\":\"https:\\\/\\\/vinsmiquelgelabert.com\\\/ca\\\/producte\\\/torrent-negre-seleccio-privada-cabernet-2015-2\\\/#primaryimage\"},\"thumbnailUrl\":\"https:\\\/\\\/vins-miquel-gelabert.fra1.digitaloceanspaces.com\\\/wp-content\\\/uploads\\\/2024\\\/04\\\/Torrent-Negre-Seleccio-Privada.png\",\"datePublished\":\"2024-04-24T07:33:45+00:00\",\"dateModified\":\"2024-07-15T07:24:22+00:00\",\"breadcrumb\":{\"@id\":\"https:\\\/\\\/vinsmiquelgelabert.com\\\/ca\\\/producte\\\/torrent-negre-seleccio-privada-cabernet-2015-2\\\/#breadcrumb\"},\"inLanguage\":\"ca\",\"potentialAction\":[{\"@type\":\"ReadAction\",\"target\":[\"https:\\\/\\\/vinsmiquelgelabert.com\\\/ca\\\/producte\\\/torrent-negre-seleccio-privada-cabernet-2015-2\\\/\"]}]},{\"@type\":\"ImageObject\",\"inLanguage\":\"ca\",\"@id\":\"https:\\\/\\\/vinsmiquelgelabert.com\\\/ca\\\/producte\\\/torrent-negre-seleccio-privada-cabernet-2015-2\\\/#primaryimage\",\"url\":\"https:\\\/\\\/vins-miquel-gelabert.fra1.digitaloceanspaces.com\\\/wp-content\\\/uploads\\\/2024\\\/04\\\/Torrent-Negre-Seleccio-Privada.png\",\"contentUrl\":\"https:\\\/\\\/vins-miquel-gelabert.fra1.digitaloceanspaces.com\\\/wp-content\\\/uploads\\\/2024\\\/04\\\/Torrent-Negre-Seleccio-Privada.png\",\"width\":230,\"height\":600},{\"@type\":\"BreadcrumbList\",\"@id\":\"https:\\\/\\\/vinsmiquelgelabert.com\\\/ca\\\/producte\\\/torrent-negre-seleccio-privada-cabernet-2015-2\\\/#breadcrumb\",\"itemListElement\":[{\"@type\":\"ListItem\",\"position\":1,\"name\":\"Portada\",\"item\":\"https:\\\/\\\/vinsmiquelgelabert.com\\\/ca\\\/\"},{\"@type\":\"ListItem\",\"position\":2,\"name\":\"Botiga en l\u00ednia\",\"item\":\"https:\\\/\\\/vinsmiquelgelabert.com\\\/ca\\\/botiga-en-linia\\\/\"},{\"@type\":\"ListItem\",\"position\":3,\"name\":\"Torrent Negre \u2013Selecci\u00f3 Privada Cabernet 2015\"}]},{\"@type\":\"WebSite\",\"@id\":\"https:\\\/\\\/vinsmiquelgelabert.com\\\/ca\\\/#website\",\"url\":\"https:\\\/\\\/vinsmiquelgelabert.com\\\/ca\\\/\",\"name\":\"Vins Miquel Gelabert\",\"description\":\"\",\"publisher\":{\"@id\":\"https:\\\/\\\/vinsmiquelgelabert.com\\\/ca\\\/#organization\"},\"potentialAction\":[{\"@type\":\"SearchAction\",\"target\":{\"@type\":\"EntryPoint\",\"urlTemplate\":\"https:\\\/\\\/vinsmiquelgelabert.com\\\/ca\\\/?s={search_term_string}\"},\"query-input\":{\"@type\":\"PropertyValueSpecification\",\"valueRequired\":true,\"valueName\":\"search_term_string\"}}],\"inLanguage\":\"ca\"},{\"@type\":\"Organization\",\"@id\":\"https:\\\/\\\/vinsmiquelgelabert.com\\\/ca\\\/#organization\",\"name\":\"Vins Miquel Gelabert\",\"url\":\"https:\\\/\\\/vinsmiquelgelabert.com\\\/ca\\\/\",\"logo\":{\"@type\":\"ImageObject\",\"inLanguage\":\"ca\",\"@id\":\"https:\\\/\\\/vinsmiquelgelabert.com\\\/ca\\\/#\\\/schema\\\/logo\\\/image\\\/\",\"url\":\"https:\\\/\\\/vins-miquel-gelabert.fra1.digitaloceanspaces.com\\\/wp-content\\\/uploads\\\/2024\\\/04\\\/logo.svg\",\"contentUrl\":\"https:\\\/\\\/vins-miquel-gelabert.fra1.digitaloceanspaces.com\\\/wp-content\\\/uploads\\\/2024\\\/04\\\/logo.svg\",\"width\":437,\"height\":63,\"caption\":\"Vins Miquel Gelabert\"},\"image\":{\"@id\":\"https:\\\/\\\/vinsmiquelgelabert.com\\\/ca\\\/#\\\/schema\\\/logo\\\/image\\\/\"}}]}<\/script>\n<!-- \/ Yoast SEO plugin. -->","yoast_head_json":{"title":"Torrent Negre \u2013Selecci\u00f3 Privada Cabernet 2015 - Vins Miquel Gelabert","robots":{"index":"index","follow":"follow","max-snippet":"max-snippet:-1","max-image-preview":"max-image-preview:large","max-video-preview":"max-video-preview:-1"},"canonical":"https:\/\/vinsmiquelgelabert.com\/ca\/producte\/torrent-negre-seleccio-privada-cabernet-2015-2\/","og_locale":"ca_ES","og_type":"article","og_title":"Torrent Negre \u2013Selecci\u00f3 Privada Cabernet 2015 - Vins Miquel Gelabert","og_description":"Vi monovarietal de Cabernet Sauvignon que nom\u00e9s s'elabora en els anys en qu\u00e8 hi ha algun ra\u00efm excepcional. S\u00f3n vins de molt poca tirada (de 300 a 1.500 ampolles) i se'ls pot dir \u201cels capritxos del cellerer\u201d.","og_url":"https:\/\/vinsmiquelgelabert.com\/ca\/producte\/torrent-negre-seleccio-privada-cabernet-2015-2\/","og_site_name":"Vins Miquel Gelabert","article_modified_time":"2024-07-15T07:24:22+00:00","og_image":[{"width":230,"height":600,"url":"https:\/\/vins-miquel-gelabert.fra1.digitaloceanspaces.com\/wp-content\/uploads\/2024\/04\/Torrent-Negre-Seleccio-Privada.png","type":"image\/png"}],"twitter_card":"summary_large_image","twitter_misc":{"Temps estimat de lectura":"1 minut"},"schema":{"@context":"https:\/\/schema.org","@graph":[{"@type":"WebPage","@id":"https:\/\/vinsmiquelgelabert.com\/ca\/producte\/torrent-negre-seleccio-privada-cabernet-2015-2\/","url":"https:\/\/vinsmiquelgelabert.com\/ca\/producte\/torrent-negre-seleccio-privada-cabernet-2015-2\/","name":"Torrent Negre \u2013Selecci\u00f3 Privada Cabernet 2015 - Vins Miquel Gelabert","isPartOf":{"@id":"https:\/\/vinsmiquelgelabert.com\/ca\/#website"},"primaryImageOfPage":{"@id":"https:\/\/vinsmiquelgelabert.com\/ca\/producte\/torrent-negre-seleccio-privada-cabernet-2015-2\/#primaryimage"},"image":{"@id":"https:\/\/vinsmiquelgelabert.com\/ca\/producte\/torrent-negre-seleccio-privada-cabernet-2015-2\/#primaryimage"},"thumbnailUrl":"https:\/\/vins-miquel-gelabert.fra1.digitaloceanspaces.com\/wp-content\/uploads\/2024\/04\/Torrent-Negre-Seleccio-Privada.png","datePublished":"2024-04-24T07:33:45+00:00","dateModified":"2024-07-15T07:24:22+00:00","breadcrumb":{"@id":"https:\/\/vinsmiquelgelabert.com\/ca\/producte\/torrent-negre-seleccio-privada-cabernet-2015-2\/#breadcrumb"},"inLanguage":"ca","potentialAction":[{"@type":"ReadAction","target":["https:\/\/vinsmiquelgelabert.com\/ca\/producte\/torrent-negre-seleccio-privada-cabernet-2015-2\/"]}]},{"@type":"ImageObject","inLanguage":"ca","@id":"https:\/\/vinsmiquelgelabert.com\/ca\/producte\/torrent-negre-seleccio-privada-cabernet-2015-2\/#primaryimage","url":"https:\/\/vins-miquel-gelabert.fra1.digitaloceanspaces.com\/wp-content\/uploads\/2024\/04\/Torrent-Negre-Seleccio-Privada.png","contentUrl":"https:\/\/vins-miquel-gelabert.fra1.digitaloceanspaces.com\/wp-content\/uploads\/2024\/04\/Torrent-Negre-Seleccio-Privada.png","width":230,"height":600},{"@type":"BreadcrumbList","@id":"https:\/\/vinsmiquelgelabert.com\/ca\/producte\/torrent-negre-seleccio-privada-cabernet-2015-2\/#breadcrumb","itemListElement":[{"@type":"ListItem","position":1,"name":"Portada","item":"https:\/\/vinsmiquelgelabert.com\/ca\/"},{"@type":"ListItem","position":2,"name":"Botiga en l\u00ednia","item":"https:\/\/vinsmiquelgelabert.com\/ca\/botiga-en-linia\/"},{"@type":"ListItem","position":3,"name":"Torrent Negre \u2013Selecci\u00f3 Privada Cabernet 2015"}]},{"@type":"WebSite","@id":"https:\/\/vinsmiquelgelabert.com\/ca\/#website","url":"https:\/\/vinsmiquelgelabert.com\/ca\/","name":"Vins Miquel Gelabert","description":"","publisher":{"@id":"https:\/\/vinsmiquelgelabert.com\/ca\/#organization"},"potentialAction":[{"@type":"SearchAction","target":{"@type":"EntryPoint","urlTemplate":"https:\/\/vinsmiquelgelabert.com\/ca\/?s={search_term_string}"},"query-input":{"@type":"PropertyValueSpecification","valueRequired":true,"valueName":"search_term_string"}}],"inLanguage":"ca"},{"@type":"Organization","@id":"https:\/\/vinsmiquelgelabert.com\/ca\/#organization","name":"Vins Miquel Gelabert","url":"https:\/\/vinsmiquelgelabert.com\/ca\/","logo":{"@type":"ImageObject","inLanguage":"ca","@id":"https:\/\/vinsmiquelgelabert.com\/ca\/#\/schema\/logo\/image\/","url":"https:\/\/vins-miquel-gelabert.fra1.digitaloceanspaces.com\/wp-content\/uploads\/2024\/04\/logo.svg","contentUrl":"https:\/\/vins-miquel-gelabert.fra1.digitaloceanspaces.com\/wp-content\/uploads\/2024\/04\/logo.svg","width":437,"height":63,"caption":"Vins Miquel Gelabert"},"image":{"@id":"https:\/\/vinsmiquelgelabert.com\/ca\/#\/schema\/logo\/image\/"}}]}},"jetpack_sharing_enabled":true,"_links":{"self":[{"href":"https:\/\/vinsmiquelgelabert.com\/ca\/wp-json\/wp\/v2\/product\/7740","targetHints":{"allow":["GET"]}}],"collection":[{"href":"https:\/\/vinsmiquelgelabert.com\/ca\/wp-json\/wp\/v2\/product"}],"about":[{"href":"https:\/\/vinsmiquelgelabert.com\/ca\/wp-json\/wp\/v2\/types\/product"}],"replies":[{"embeddable":true,"href":"https:\/\/vinsmiquelgelabert.com\/ca\/wp-json\/wp\/v2\/comments?post=7740"}],"wp:featuredmedia":[{"embeddable":true,"href":"https:\/\/vinsmiquelgelabert.com\/ca\/wp-json\/wp\/v2\/media\/7525"}],"wp:attachment":[{"href":"https:\/\/vinsmiquelgelabert.com\/ca\/wp-json\/wp\/v2\/media?parent=7740"}],"wp:term":[{"taxonomy":"product_brand","embeddable":true,"href":"https:\/\/vinsmiquelgelabert.com\/ca\/wp-json\/wp\/v2\/product_brand?post=7740"},{"taxonomy":"product_cat","embeddable":true,"href":"https:\/\/vinsmiquelgelabert.com\/ca\/wp-json\/wp\/v2\/product_cat?post=7740"},{"taxonomy":"product_tag","embeddable":true,"href":"https:\/\/vinsmiquelgelabert.com\/ca\/wp-json\/wp\/v2\/product_tag?post=7740"}],"curies":[{"name":"wp","href":"https:\/\/api.w.org\/{rel}","templated":true}]}}