{"id":8175,"date":"2024-04-24T09:33:48","date_gmt":"2024-04-24T07:33:48","guid":{"rendered":"https:\/\/vinsmiquelgelabert.com\/producto\/son-moix-escumos-blanc-2018\/"},"modified":"2026-04-23T11:28:45","modified_gmt":"2026-04-23T09:28:45","slug":"son-moix-escumos-blanc-2018","status":"publish","type":"product","link":"https:\/\/vinsmiquelgelabert.com\/ca\/producte\/son-moix-escumos-blanc-2018\/","title":{"rendered":"Son Moix Escum\u00f3s Blanc 2018"},"content":{"rendered":"<p>TIPUS DE VI Escum\u00f3s blanc<\/p>\n<p>VARIETATS DE RA\u00cfM Chardonnay i Prensal blanc<\/p>\n<p>SISTEMA DE CULTIU En Espatllera<\/p>\n<p>UBICACI\u00d3 DE LA VINYA Manacor (Mallorca, illes Balears, Espanya)<\/p>\n<p>DENOMINACI\u00d3 D&#8217;ORIGEN D.O.P. Pla i Llevant &#8211; Mallorca<\/p>\n<p>ELABORACI\u00d3 M\u00e8tode de tiratge tradicional de segona fermentaci\u00f3 en ampolla amb crian\u00e7a amb les emboliques del llevat de m\u00e9s de 22 mesos en contacte. Brut Nature. Degollament a m\u00e0 sota demanda.<\/p>\n<p>GRAU ALCOH\u00d2LIC 11% vol.<\/p>\n<p>PRODUCCI\u00d3 786 ampolles de 75 cl<\/p>\n<p>NOTA DE TAST Color groc p\u00e0l\u00b7lid i brillant. Bombolla de grand\u00e0ria mitjana-petita amb bona persist\u00e8ncia. En nas \u00e9s intens i fresc. Destaca la fruita madura blanca (poma verda, pr\u00e9ssec). Acompanyen notes de forn conjuntament amb tocs subtils de brioix i fruita seca #torrefacte molt fins. Entrada en boca voluminosa i cremosa. Bombolla fina molt ben integrada degut a la llarga crian\u00e7a. Llarga persist\u00e8ncia i final sec amb bona acidesa.<\/p>\n<p>RECOMANACIONS Combina b\u00e9 amb peixos i mariscos (salm\u00f3 fumat, salm\u00f3 al grill, ostres, etc.); cuina asi\u00e0tica com sushi o tatakis; carns com a xai o lechona, pernil ib\u00e8ric, formatges curats, salsa cremoses, etc.<\/p>\n<p>TEMPERATURA SERVEI Entre 6 \u2013 8 \u00b0C.<\/p>\n","protected":false},"excerpt":{"rendered":"<p>TIPUS DE VI Escum\u00f3s blanc VARIETATS DE RA\u00cfM Chardonnay i Prensal blanc SISTEMA DE CULTIU En Espatllera UBICACI\u00d3 DE LA VINYA Manacor (Mallorca, illes Balears, Espanya) DENOMINACI\u00d3 D&#8217;ORIGEN D.O.P. Pla i Llevant &#8211; Mallorca ELABORACI\u00d3 M\u00e8tode de tiratge tradicional de segona fermentaci\u00f3 en ampolla amb crian\u00e7a amb les emboliques del llevat de m\u00e9s de 22 mesos en contacte. Brut Nature. Degollament a m\u00e0 sota demanda. GRAU ALCOH\u00d2LIC 11% vol. PRODUCCI\u00d3 786 ampolles de 75 cl NOTA DE TAST Color groc p\u00e0l\u00b7lid i brillant. Bombolla de grand\u00e0ria mitjana-petita amb bona persist\u00e8ncia. En nas \u00e9s intens i fresc. Destaca la fruita madura blanca (poma verda, pr\u00e9ssec). Acompanyen notes de forn conjuntament amb tocs subtils de brioix i fruita seca #torrefacte molt fins. Entrada en boca voluminosa i cremosa. Bombolla fina molt ben integrada degut a la llarga crian\u00e7a. Llarga persist\u00e8ncia i final sec amb bona acidesa. RECOMANACIONS Combina b\u00e9 amb peixos i mariscos (salm\u00f3 fumat, salm\u00f3 al grill, ostres, etc.); cuina asi\u00e0tica com sushi o tatakis; carns com a xai o lechona, pernil ib\u00e8ric, formatges curats, salsa cremoses, etc. TEMPERATURA SERVEI Entre 6 \u2013 8 \u00b0C.<\/p>\n","protected":false},"featured_media":7457,"comment_status":"open","ping_status":"closed","template":"","meta":[],"product_brand":[],"product_cat":[87],"product_tag":[],"class_list":{"0":"post-8175","1":"product","2":"type-product","3":"status-publish","4":"has-post-thumbnail","6":"product_cat-vi-escumos-ca","8":"first","9":"instock","10":"taxable","11":"shipping-taxable","12":"purchasable","13":"product-type-simple"},"yoast_head":"<!-- This site is optimized with the Yoast SEO plugin v27.4 - https:\/\/yoast.com\/product\/yoast-seo-wordpress\/ -->\n<title>Son Moix Escum\u00f3s Blanc 2018 - Vins Miquel Gelabert<\/title>\n<meta name=\"robots\" content=\"index, follow, max-snippet:-1, max-image-preview:large, max-video-preview:-1\" \/>\n<link rel=\"canonical\" href=\"https:\/\/vinsmiquelgelabert.com\/ca\/producte\/son-moix-escumos-blanc-2018\/\" \/>\n<meta property=\"og:locale\" content=\"ca_ES\" \/>\n<meta property=\"og:type\" content=\"article\" \/>\n<meta property=\"og:title\" content=\"Son Moix Escum\u00f3s Blanc 2018 - Vins Miquel Gelabert\" \/>\n<meta property=\"og:description\" content=\"TIPUS DE VI Escum\u00f3s blanc VARIETATS DE RA\u00cfM Chardonnay i Prensal blanc SISTEMA DE CULTIU En Espatllera UBICACI\u00d3 DE LA VINYA Manacor (Mallorca, illes Balears, Espanya) DENOMINACI\u00d3 D&#8217;ORIGEN D.O.P. Pla i Llevant &#8211; Mallorca ELABORACI\u00d3 M\u00e8tode de tiratge tradicional de segona fermentaci\u00f3 en ampolla amb crian\u00e7a amb les emboliques del llevat de m\u00e9s de 22 mesos en contacte. Brut Nature. Degollament a m\u00e0 sota demanda. GRAU ALCOH\u00d2LIC 11% vol. PRODUCCI\u00d3 786 ampolles de 75 cl NOTA DE TAST Color groc p\u00e0l\u00b7lid i brillant. Bombolla de grand\u00e0ria mitjana-petita amb bona persist\u00e8ncia. En nas \u00e9s intens i fresc. Destaca la fruita madura blanca (poma verda, pr\u00e9ssec). Acompanyen notes de forn conjuntament amb tocs subtils de brioix i fruita seca #torrefacte molt fins. Entrada en boca voluminosa i cremosa. Bombolla fina molt ben integrada degut a la llarga crian\u00e7a. Llarga persist\u00e8ncia i final sec amb bona acidesa. RECOMANACIONS Combina b\u00e9 amb peixos i mariscos (salm\u00f3 fumat, salm\u00f3 al grill, ostres, etc.); cuina asi\u00e0tica com sushi o tatakis; carns com a xai o lechona, pernil ib\u00e8ric, formatges curats, salsa cremoses, etc. TEMPERATURA SERVEI Entre 6 \u2013 8 \u00b0C.\" \/>\n<meta property=\"og:url\" content=\"https:\/\/vinsmiquelgelabert.com\/ca\/producte\/son-moix-escumos-blanc-2018\/\" \/>\n<meta property=\"og:site_name\" content=\"Vins Miquel Gelabert\" \/>\n<meta property=\"article:modified_time\" content=\"2026-04-23T09:28:45+00:00\" \/>\n<meta property=\"og:image\" content=\"https:\/\/vins-miquel-gelabert.fra1.digitaloceanspaces.com\/wp-content\/uploads\/2024\/04\/1J9A5983-SON-MOIX-BRUT-NATURE-BLANC.png\" \/>\n\t<meta property=\"og:image:width\" content=\"230\" \/>\n\t<meta property=\"og:image:height\" content=\"600\" \/>\n\t<meta property=\"og:image:type\" content=\"image\/png\" \/>\n<meta name=\"twitter:card\" content=\"summary_large_image\" \/>\n<meta name=\"twitter:label1\" content=\"Temps estimat de lectura\" \/>\n\t<meta name=\"twitter:data1\" content=\"1 minut\" \/>\n<script type=\"application\/ld+json\" class=\"yoast-schema-graph\">{\"@context\":\"https:\\\/\\\/schema.org\",\"@graph\":[{\"@type\":\"WebPage\",\"@id\":\"https:\\\/\\\/vinsmiquelgelabert.com\\\/ca\\\/producte\\\/son-moix-escumos-blanc-2018\\\/\",\"url\":\"https:\\\/\\\/vinsmiquelgelabert.com\\\/ca\\\/producte\\\/son-moix-escumos-blanc-2018\\\/\",\"name\":\"Son Moix Escum\u00f3s Blanc 2018 - Vins Miquel Gelabert\",\"isPartOf\":{\"@id\":\"https:\\\/\\\/vinsmiquelgelabert.com\\\/ca\\\/#website\"},\"primaryImageOfPage\":{\"@id\":\"https:\\\/\\\/vinsmiquelgelabert.com\\\/ca\\\/producte\\\/son-moix-escumos-blanc-2018\\\/#primaryimage\"},\"image\":{\"@id\":\"https:\\\/\\\/vinsmiquelgelabert.com\\\/ca\\\/producte\\\/son-moix-escumos-blanc-2018\\\/#primaryimage\"},\"thumbnailUrl\":\"https:\\\/\\\/vins-miquel-gelabert.fra1.digitaloceanspaces.com\\\/wp-content\\\/uploads\\\/2024\\\/04\\\/1J9A5983-SON-MOIX-BRUT-NATURE-BLANC.png\",\"datePublished\":\"2024-04-24T07:33:48+00:00\",\"dateModified\":\"2026-04-23T09:28:45+00:00\",\"breadcrumb\":{\"@id\":\"https:\\\/\\\/vinsmiquelgelabert.com\\\/ca\\\/producte\\\/son-moix-escumos-blanc-2018\\\/#breadcrumb\"},\"inLanguage\":\"ca\",\"potentialAction\":[{\"@type\":\"ReadAction\",\"target\":[\"https:\\\/\\\/vinsmiquelgelabert.com\\\/ca\\\/producte\\\/son-moix-escumos-blanc-2018\\\/\"]}]},{\"@type\":\"ImageObject\",\"inLanguage\":\"ca\",\"@id\":\"https:\\\/\\\/vinsmiquelgelabert.com\\\/ca\\\/producte\\\/son-moix-escumos-blanc-2018\\\/#primaryimage\",\"url\":\"https:\\\/\\\/vins-miquel-gelabert.fra1.digitaloceanspaces.com\\\/wp-content\\\/uploads\\\/2024\\\/04\\\/1J9A5983-SON-MOIX-BRUT-NATURE-BLANC.png\",\"contentUrl\":\"https:\\\/\\\/vins-miquel-gelabert.fra1.digitaloceanspaces.com\\\/wp-content\\\/uploads\\\/2024\\\/04\\\/1J9A5983-SON-MOIX-BRUT-NATURE-BLANC.png\",\"width\":230,\"height\":600},{\"@type\":\"BreadcrumbList\",\"@id\":\"https:\\\/\\\/vinsmiquelgelabert.com\\\/ca\\\/producte\\\/son-moix-escumos-blanc-2018\\\/#breadcrumb\",\"itemListElement\":[{\"@type\":\"ListItem\",\"position\":1,\"name\":\"Portada\",\"item\":\"https:\\\/\\\/vinsmiquelgelabert.com\\\/ca\\\/\"},{\"@type\":\"ListItem\",\"position\":2,\"name\":\"Botiga en l\u00ednia\",\"item\":\"https:\\\/\\\/vinsmiquelgelabert.com\\\/ca\\\/botiga-en-linia\\\/\"},{\"@type\":\"ListItem\",\"position\":3,\"name\":\"Son Moix Escum\u00f3s Blanc 2018\"}]},{\"@type\":\"WebSite\",\"@id\":\"https:\\\/\\\/vinsmiquelgelabert.com\\\/ca\\\/#website\",\"url\":\"https:\\\/\\\/vinsmiquelgelabert.com\\\/ca\\\/\",\"name\":\"Vins Miquel Gelabert\",\"description\":\"\",\"publisher\":{\"@id\":\"https:\\\/\\\/vinsmiquelgelabert.com\\\/ca\\\/#organization\"},\"potentialAction\":[{\"@type\":\"SearchAction\",\"target\":{\"@type\":\"EntryPoint\",\"urlTemplate\":\"https:\\\/\\\/vinsmiquelgelabert.com\\\/ca\\\/?s={search_term_string}\"},\"query-input\":{\"@type\":\"PropertyValueSpecification\",\"valueRequired\":true,\"valueName\":\"search_term_string\"}}],\"inLanguage\":\"ca\"},{\"@type\":\"Organization\",\"@id\":\"https:\\\/\\\/vinsmiquelgelabert.com\\\/ca\\\/#organization\",\"name\":\"Vins Miquel Gelabert\",\"url\":\"https:\\\/\\\/vinsmiquelgelabert.com\\\/ca\\\/\",\"logo\":{\"@type\":\"ImageObject\",\"inLanguage\":\"ca\",\"@id\":\"https:\\\/\\\/vinsmiquelgelabert.com\\\/ca\\\/#\\\/schema\\\/logo\\\/image\\\/\",\"url\":\"https:\\\/\\\/vins-miquel-gelabert.fra1.digitaloceanspaces.com\\\/wp-content\\\/uploads\\\/2024\\\/04\\\/logo.svg\",\"contentUrl\":\"https:\\\/\\\/vins-miquel-gelabert.fra1.digitaloceanspaces.com\\\/wp-content\\\/uploads\\\/2024\\\/04\\\/logo.svg\",\"width\":437,\"height\":63,\"caption\":\"Vins Miquel Gelabert\"},\"image\":{\"@id\":\"https:\\\/\\\/vinsmiquelgelabert.com\\\/ca\\\/#\\\/schema\\\/logo\\\/image\\\/\"}}]}<\/script>\n<!-- \/ Yoast SEO plugin. -->","yoast_head_json":{"title":"Son Moix Escum\u00f3s Blanc 2018 - Vins Miquel Gelabert","robots":{"index":"index","follow":"follow","max-snippet":"max-snippet:-1","max-image-preview":"max-image-preview:large","max-video-preview":"max-video-preview:-1"},"canonical":"https:\/\/vinsmiquelgelabert.com\/ca\/producte\/son-moix-escumos-blanc-2018\/","og_locale":"ca_ES","og_type":"article","og_title":"Son Moix Escum\u00f3s Blanc 2018 - Vins Miquel Gelabert","og_description":"TIPUS DE VI Escum\u00f3s blanc VARIETATS DE RA\u00cfM Chardonnay i Prensal blanc SISTEMA DE CULTIU En Espatllera UBICACI\u00d3 DE LA VINYA Manacor (Mallorca, illes Balears, Espanya) DENOMINACI\u00d3 D&#8217;ORIGEN D.O.P. Pla i Llevant &#8211; Mallorca ELABORACI\u00d3 M\u00e8tode de tiratge tradicional de segona fermentaci\u00f3 en ampolla amb crian\u00e7a amb les emboliques del llevat de m\u00e9s de 22 mesos en contacte. Brut Nature. Degollament a m\u00e0 sota demanda. GRAU ALCOH\u00d2LIC 11% vol. PRODUCCI\u00d3 786 ampolles de 75 cl NOTA DE TAST Color groc p\u00e0l\u00b7lid i brillant. Bombolla de grand\u00e0ria mitjana-petita amb bona persist\u00e8ncia. En nas \u00e9s intens i fresc. Destaca la fruita madura blanca (poma verda, pr\u00e9ssec). Acompanyen notes de forn conjuntament amb tocs subtils de brioix i fruita seca #torrefacte molt fins. Entrada en boca voluminosa i cremosa. Bombolla fina molt ben integrada degut a la llarga crian\u00e7a. Llarga persist\u00e8ncia i final sec amb bona acidesa. RECOMANACIONS Combina b\u00e9 amb peixos i mariscos (salm\u00f3 fumat, salm\u00f3 al grill, ostres, etc.); cuina asi\u00e0tica com sushi o tatakis; carns com a xai o lechona, pernil ib\u00e8ric, formatges curats, salsa cremoses, etc. TEMPERATURA SERVEI Entre 6 \u2013 8 \u00b0C.","og_url":"https:\/\/vinsmiquelgelabert.com\/ca\/producte\/son-moix-escumos-blanc-2018\/","og_site_name":"Vins Miquel Gelabert","article_modified_time":"2026-04-23T09:28:45+00:00","og_image":[{"width":230,"height":600,"url":"https:\/\/vins-miquel-gelabert.fra1.digitaloceanspaces.com\/wp-content\/uploads\/2024\/04\/1J9A5983-SON-MOIX-BRUT-NATURE-BLANC.png","type":"image\/png"}],"twitter_card":"summary_large_image","twitter_misc":{"Temps estimat de lectura":"1 minut"},"schema":{"@context":"https:\/\/schema.org","@graph":[{"@type":"WebPage","@id":"https:\/\/vinsmiquelgelabert.com\/ca\/producte\/son-moix-escumos-blanc-2018\/","url":"https:\/\/vinsmiquelgelabert.com\/ca\/producte\/son-moix-escumos-blanc-2018\/","name":"Son Moix Escum\u00f3s Blanc 2018 - Vins Miquel Gelabert","isPartOf":{"@id":"https:\/\/vinsmiquelgelabert.com\/ca\/#website"},"primaryImageOfPage":{"@id":"https:\/\/vinsmiquelgelabert.com\/ca\/producte\/son-moix-escumos-blanc-2018\/#primaryimage"},"image":{"@id":"https:\/\/vinsmiquelgelabert.com\/ca\/producte\/son-moix-escumos-blanc-2018\/#primaryimage"},"thumbnailUrl":"https:\/\/vins-miquel-gelabert.fra1.digitaloceanspaces.com\/wp-content\/uploads\/2024\/04\/1J9A5983-SON-MOIX-BRUT-NATURE-BLANC.png","datePublished":"2024-04-24T07:33:48+00:00","dateModified":"2026-04-23T09:28:45+00:00","breadcrumb":{"@id":"https:\/\/vinsmiquelgelabert.com\/ca\/producte\/son-moix-escumos-blanc-2018\/#breadcrumb"},"inLanguage":"ca","potentialAction":[{"@type":"ReadAction","target":["https:\/\/vinsmiquelgelabert.com\/ca\/producte\/son-moix-escumos-blanc-2018\/"]}]},{"@type":"ImageObject","inLanguage":"ca","@id":"https:\/\/vinsmiquelgelabert.com\/ca\/producte\/son-moix-escumos-blanc-2018\/#primaryimage","url":"https:\/\/vins-miquel-gelabert.fra1.digitaloceanspaces.com\/wp-content\/uploads\/2024\/04\/1J9A5983-SON-MOIX-BRUT-NATURE-BLANC.png","contentUrl":"https:\/\/vins-miquel-gelabert.fra1.digitaloceanspaces.com\/wp-content\/uploads\/2024\/04\/1J9A5983-SON-MOIX-BRUT-NATURE-BLANC.png","width":230,"height":600},{"@type":"BreadcrumbList","@id":"https:\/\/vinsmiquelgelabert.com\/ca\/producte\/son-moix-escumos-blanc-2018\/#breadcrumb","itemListElement":[{"@type":"ListItem","position":1,"name":"Portada","item":"https:\/\/vinsmiquelgelabert.com\/ca\/"},{"@type":"ListItem","position":2,"name":"Botiga en l\u00ednia","item":"https:\/\/vinsmiquelgelabert.com\/ca\/botiga-en-linia\/"},{"@type":"ListItem","position":3,"name":"Son Moix Escum\u00f3s Blanc 2018"}]},{"@type":"WebSite","@id":"https:\/\/vinsmiquelgelabert.com\/ca\/#website","url":"https:\/\/vinsmiquelgelabert.com\/ca\/","name":"Vins Miquel Gelabert","description":"","publisher":{"@id":"https:\/\/vinsmiquelgelabert.com\/ca\/#organization"},"potentialAction":[{"@type":"SearchAction","target":{"@type":"EntryPoint","urlTemplate":"https:\/\/vinsmiquelgelabert.com\/ca\/?s={search_term_string}"},"query-input":{"@type":"PropertyValueSpecification","valueRequired":true,"valueName":"search_term_string"}}],"inLanguage":"ca"},{"@type":"Organization","@id":"https:\/\/vinsmiquelgelabert.com\/ca\/#organization","name":"Vins Miquel Gelabert","url":"https:\/\/vinsmiquelgelabert.com\/ca\/","logo":{"@type":"ImageObject","inLanguage":"ca","@id":"https:\/\/vinsmiquelgelabert.com\/ca\/#\/schema\/logo\/image\/","url":"https:\/\/vins-miquel-gelabert.fra1.digitaloceanspaces.com\/wp-content\/uploads\/2024\/04\/logo.svg","contentUrl":"https:\/\/vins-miquel-gelabert.fra1.digitaloceanspaces.com\/wp-content\/uploads\/2024\/04\/logo.svg","width":437,"height":63,"caption":"Vins Miquel Gelabert"},"image":{"@id":"https:\/\/vinsmiquelgelabert.com\/ca\/#\/schema\/logo\/image\/"}}]}},"jetpack_sharing_enabled":true,"_links":{"self":[{"href":"https:\/\/vinsmiquelgelabert.com\/ca\/wp-json\/wp\/v2\/product\/8175","targetHints":{"allow":["GET"]}}],"collection":[{"href":"https:\/\/vinsmiquelgelabert.com\/ca\/wp-json\/wp\/v2\/product"}],"about":[{"href":"https:\/\/vinsmiquelgelabert.com\/ca\/wp-json\/wp\/v2\/types\/product"}],"replies":[{"embeddable":true,"href":"https:\/\/vinsmiquelgelabert.com\/ca\/wp-json\/wp\/v2\/comments?post=8175"}],"wp:featuredmedia":[{"embeddable":true,"href":"https:\/\/vinsmiquelgelabert.com\/ca\/wp-json\/wp\/v2\/media\/7457"}],"wp:attachment":[{"href":"https:\/\/vinsmiquelgelabert.com\/ca\/wp-json\/wp\/v2\/media?parent=8175"}],"wp:term":[{"taxonomy":"product_brand","embeddable":true,"href":"https:\/\/vinsmiquelgelabert.com\/ca\/wp-json\/wp\/v2\/product_brand?post=8175"},{"taxonomy":"product_cat","embeddable":true,"href":"https:\/\/vinsmiquelgelabert.com\/ca\/wp-json\/wp\/v2\/product_cat?post=8175"},{"taxonomy":"product_tag","embeddable":true,"href":"https:\/\/vinsmiquelgelabert.com\/ca\/wp-json\/wp\/v2\/product_tag?post=8175"}],"curies":[{"name":"wp","href":"https:\/\/api.w.org\/{rel}","templated":true}]}}